{"id":167,"date":"2012-09-19T12:29:09","date_gmt":"2012-09-19T15:29:09","guid":{"rendered":"http:\/\/www.24baires.com\/?page_id=167"},"modified":"2014-05-10T19:51:13","modified_gmt":"2014-05-10T22:51:13","slug":"nosotros","status":"publish","type":"page","link":"https:\/\/www.24baires.com\/?page_id=167","title":{"rendered":"Acerca de 24baires"},"content":{"rendered":"<p><strong><a href=\"http:\/\/www.24baires.com\" target=\"_blank\">24baires.com<\/a>\u00a0<\/strong>es un portal de noticias de la Provincia de Buenos Aires pero concebido con una filosof\u00eda inversa a la que nos tienen acostumbrados los medios digitales provinciales. Est\u00e1 pensado desde el interior y el conurbano, sin ignorar l\u00f3gicamente lo que ocurre en la capital provincial. La idea rectora es colaborar a reconstituir la \u00abidentidad bonaerense\u00bb, tantas veces desdibujada por la cercan\u00eda a la Ciudad Aut\u00f3noma de Buenos Aires y la clara prevalencia e influencia de sus medios nacionales, mayoritariamente monop\u00f3licos. Esa dominaci\u00f3n hace diariamente que olvidemos que formamos \u00a0parte de una Provincia aut\u00f3noma, con su propia historia y ciudadanos, pol\u00edticos, artistas, deportistas e incluso periodistas con identidad propia.<\/p>\n<p>Este es un producto novedoso, acorde con la reformulaci\u00f3n de la tarea del periodismo dentro del debate que se viene dando en estos d\u00edas en el seno de nuestra sociedad y surge de la\u00a0alianza\u00a0estrat\u00e9gica de dos empresas multimedias con amplia experiencia en el campo de la comunicaci\u00f3n y el periodismo como son el <strong><a href=\"http:\/\/www.gruposierra.com.ar\/\" target=\"_blank\">GRUPO SIERRA<\/a><\/strong> y <strong><a href=\"http:\/\/www.grupovinci.com\" target=\"_blank\">GRUPO VINCI<\/a><\/strong>\u00a0.<\/p>\n<p>En definitiva todo \u00a0<em>lo que pasa en la Provincia nos interesa ,\u00a0<\/em>porque estamos convencidos que a los bonaerenses tambi\u00e9n y all\u00ed estaremos con la mejor informaci\u00f3n.<\/p>\n<p>&nbsp;<\/p>\n<p><strong>MAIL AGENCIAS Y PRENSA<\/strong><\/p>\n<p><img data-recalc-dims=\"1\" loading=\"lazy\" decoding=\"async\" class=\"alignleft  wp-image-281\" title=\"mailto\" src=\"https:\/\/i0.wp.com\/www.24baires.com\/wp-content\/uploads\/2012\/09\/mailto1.jpg?resize=157%2C28\" alt=\"\" width=\"157\" height=\"28\" \/><\/p>\n<p>&nbsp;<\/p>\n<p><strong>\u00a0<\/strong><strong>NUESTROS TEL\u00c9FONOS<br \/>\n<\/strong>011- 22207579<br \/>\n0223-463-1500<br \/>\n0223-154-545938<\/p>\n<p><strong>NUESTRAS DIRECCIONES<br \/>\n<\/strong>LA PLATA: \u00a0Av. 7 &#8211; N\u00ba815 &#8211; Of. 3<br \/>\nMAR DEL PLATA: \u00a0\u00c1ngela 192 &#8211; SDLP<\/p>\n<p>&nbsp;<\/p>\n","protected":false},"excerpt":{"rendered":"<p>24baires.com\u00a0es un portal de noticias de la Provincia de Buenos Aires pero concebido con una filosof\u00eda inversa a la que nos tienen acostumbrados los medios digitales provinciales. Est\u00e1 pensado desde el interior y el conurbano, sin ignorar l\u00f3gicamente lo que ocurre en la capital provincial. La idea rectora es colaborar a reconstituir la \u00abidentidad bonaerense\u00bb, tantas veces desdibujada por la [&#8230;]<\/p>\n","protected":false},"author":11,"featured_media":0,"parent":0,"menu_order":0,"comment_status":"closed","ping_status":"open","template":"","meta":{"footnotes":""},"class_list":["post-167","page","type-page","status-publish","hentry"],"jetpack_shortlink":"https:\/\/wp.me\/P2JWE0-2H","jetpack-related-posts":[{"id":161,"url":"https:\/\/www.24baires.com\/?page_id=161","url_meta":{"origin":167,"position":0},"title":"Radios Bonaerenses","author":"Grupo Sierra","date":"18\/09\/2012","format":false,"excerpt":"Agreg\u00e1 tu radio\u00a0\u00a0 \u00a0 \u00a0 \u00a0 \u00a0 \u00a0 \u00a0\u00a0\u00a0\u00a0\u00a0\u00a0\u00a0\u00a0\u00a0\u00a0\u00a0\u00a0\u00a0\u00a0\u00a0\u00a0\u00a0\u00a0\u00a0\u00a0\u00a0\u00a0\u00a0\u00a0 Powered By\u00a0\u00a0\u00a0 \u00a0 \u00a0\u00a0 Radio Madres | AM 530 (Buenos Aires) Radio Provincia | AM 1270 (Buenos Aires) FM 94.7, Bah\u00eda Blanca, (Buenos Aires) FM 95.5, Bah\u00eda Blanca, (Buenos Aires) FM 93.1, Bah\u00eda Blanca, (Buenos Aires) FM 96.5, Residencias, Mar del\u2026","rel":"","context":"Entrada similar","block_context":{"text":"Entrada similar","link":""},"img":{"alt_text":"Radios de Argentina","src":"https:\/\/i0.wp.com\/www.enlaradio.com.ar\/img\/elr_sign.png?resize=350%2C200","width":350,"height":200},"classes":[]},{"id":164,"url":"https:\/\/www.24baires.com\/?page_id=164","url_meta":{"origin":167,"position":1},"title":"Webcams Bonaerenses","author":"Grupo Sierra","date":"18\/09\/2012","format":false,"excerpt":"Envianos la webcam de tu ciudad \u00a0Villa Gesell - Playa y Centro Santa Clara del Mar \u00a0 \u00a0 Mar del Plata - Varias C\u00e1maras \u00a0 \u00a0 \u00a0Balneario Claromec\u00f3 - Tres Arroyos \u00a0 \u00a0 \u00a0San Clemente del Tuy\u00fa \u00a0 Localidad de Daireaux\u00a0 \u00a0 \u00a0Panamericana y 197 \u00a0","rel":"","context":"Entrada similar","block_context":{"text":"Entrada similar","link":""},"img":{"alt_text":"","src":"https:\/\/i0.wp.com\/www.24baires.com\/wp-content\/uploads\/2012\/09\/GESELL1.jpg?resize=350%2C200","width":350,"height":200},"classes":[]}],"jetpack_sharing_enabled":true,"jetpack_likes_enabled":true,"_links":{"self":[{"href":"https:\/\/www.24baires.com\/index.php?rest_route=\/wp\/v2\/pages\/167","targetHints":{"allow":["GET"]}}],"collection":[{"href":"https:\/\/www.24baires.com\/index.php?rest_route=\/wp\/v2\/pages"}],"about":[{"href":"https:\/\/www.24baires.com\/index.php?rest_route=\/wp\/v2\/types\/page"}],"author":[{"embeddable":true,"href":"https:\/\/www.24baires.com\/index.php?rest_route=\/wp\/v2\/users\/11"}],"replies":[{"embeddable":true,"href":"https:\/\/www.24baires.com\/index.php?rest_route=%2Fwp%2Fv2%2Fcomments&post=167"}],"version-history":[{"count":1,"href":"https:\/\/www.24baires.com\/index.php?rest_route=\/wp\/v2\/pages\/167\/revisions"}],"predecessor-version":[{"id":45700,"href":"https:\/\/www.24baires.com\/index.php?rest_route=\/wp\/v2\/pages\/167\/revisions\/45700"}],"wp:attachment":[{"href":"https:\/\/www.24baires.com\/index.php?rest_route=%2Fwp%2Fv2%2Fmedia&parent=167"}],"curies":[{"name":"wp","href":"https:\/\/api.w.org\/{rel}","templated":true}]}}